{"id":2951,"date":"2024-04-11T10:31:32","date_gmt":"2024-04-11T08:31:32","guid":{"rendered":"https:\/\/www.campingportdelavall.com\/instalaciones-y-servicios\/"},"modified":"2024-09-03T13:44:04","modified_gmt":"2024-09-03T11:44:04","slug":"instalaciones-y-servicios","status":"publish","type":"page","link":"https:\/\/www.campingportdelavall.com\/es\/instalaciones-y-servicios\/","title":{"rendered":"Instalaciones y servicios"},"content":{"rendered":"\n<div class=\"wp-block-cover alignfull is-style-no-margin cover-page\" style=\"margin-bottom:0px;min-height:650px;aspect-ratio:unset;\"><span aria-hidden=\"true\" class=\"wp-block-cover__background has-background-dim wp-block-cover__gradient-background has-background-gradient\" style=\"background:linear-gradient(180deg,rgb(10,31,75) 0%,rgba(10,30,74,0) 77%)\"><\/span><img loading=\"lazy\" decoding=\"async\" width=\"1240\" height=\"800\" class=\"wp-block-cover__image-background wp-image-2372\" alt=\"\" src=\"https:\/\/www.campingportdelavall.com\/wp-content\/uploads\/serveis.webp\" data-object-fit=\"cover\"\/><div class=\"wp-block-cover__inner-container is-layout-constrained wp-block-cover-is-layout-constrained\">\n<h1 class=\"wp-block-heading has-text-align-center custom-heading animation--init--once slide-up\"><sup><mark style=\"background-color:rgba(0, 0, 0, 0)\" class=\"has-inline-color has-theme-yellow-color\">El Camping<\/mark><\/sup><br\/><strong>SERVICIOS<\/strong><br\/>E INSTALACIONES<\/h1>\n\n\n\n<div class=\"wp-block-group booking-container is-layout-flow wp-block-group-is-layout-flow\" style=\"margin-top:0px\">\n<div class=\"wp-block-group alignwide booking-wrapper is-layout-flow wp-block-group-is-layout-flow\" style=\"margin-top:0px\"><section class=\"formulaire-de-recherche-bar\">\r\n            <div id=\"expand-thelis-formulaire\">[:ca]Reserva[:]<\/div>\r\n            <div class=\"container-form\"><thr-search-engine hide-capacity=\"1\"><\/thr-search-engine><\/div><\/section><!-- .formulaire-de-recherche-bar --><style>\r\n        #expand-thelis-formulaire { display: none; }\r\n        @media screen and (max-width: 999px) {\r\n            #expand-thelis-formulaire { display: block; }\r\n            .formulaire-de-recherche-bar .container-form { display: none; }\r\n        }\r\n    <\/style><script>\r\n    jQuery(document).ready(function($){\r\n        jQuery('#expand-thelis-formulaire').click(function(){\r\n            if(\r\n                jQuery('.formulaire-de-recherche-bar .container-form').css('display') == 'none'\r\n            ){\r\n                jQuery('.formulaire-de-recherche-bar .container-form').css('display', 'block');\r\n                jQuery('#expand-thelis-formulaire').addClass('expanded');\r\n            }else{\r\n                jQuery('.formulaire-de-recherche-bar .container-form').css('display', 'none');\r\n                jQuery('#expand-thelis-formulaire').removeClass('expanded');\r\n            }\r\n        });\r\n    });\r\n    <\/script>\n<\/div>\n<\/div>\n<\/div><\/div>\n\n<div class=\"wp-block-group alignfull has-theme-pearl-background-color has-background is-layout-constrained wp-block-group-is-layout-constrained\" style=\"margin-top:0px;margin-bottom:10vh;padding-top:14vh;padding-bottom:14vh\">\n<h2 class=\"wp-block-heading has-text-align-center custom-heading animation--init--once slide-up has-h-3-font-size\" style=\"margin-bottom:4vh\"><sup><mark style=\"background-color:rgba(0, 0, 0, 0)\" class=\"has-inline-color has-theme-baby-blue-color\">Servicios e instalaciones<\/mark><\/sup><br\/>EL CAMPING PUERTO DEL VALLE DISPONE DE LAS SIGUIENTES INSTALACIONES Y SERVICIOS POR SU GUSTO Y DISFRUTE<\/h2>\n<\/div>\n\n<div class=\"wp-block-columns alignwide are-vertically-aligned-center is-layout-flex wp-container-core-columns-is-layout-4373b0c2 wp-block-columns-is-layout-flex\" style=\"margin-top:0px;margin-bottom:8vh\">\n<div class=\"wp-block-column is-vertically-aligned-center is-layout-flow wp-block-column-is-layout-flow\" style=\"padding-bottom:5vh;flex-basis:40%\">\n<figure class=\"wp-block-image size-large is-resized animation--init--once slide-right wp-duotone-4bbed1-4bbed1-1\"><img loading=\"lazy\" decoding=\"async\" width=\"24\" height=\"24\" src=\"https:\/\/www.campingportdelavall.com\/wp-content\/uploads\/recycle.svg\" alt=\"\" class=\"wp-image-2329\" style=\"object-fit:cover;width:50px;height:50px\"\/><\/figure>\n\n\n<h2 class=\"wp-block-heading animation--init--once slide-right has-h-3-font-size\">BASURA O RECICLAJE<\/h2>\n\n\n\n<h6 class=\"wp-block-heading animation--init--once slide-right\">En la entrada del Camping hay una zona delimitada y se\u00f1alizada donde se puede depositar:<\/h6>\n\n\n\n<p class=\"animation--init--once slide-right has-theme-grey-color has-text-color has-link-color wp-elements-caf2a4286e7bb69c8c2e605e8f257906\"><strong>Contenedor <mark style=\"background-color:rgba(0, 0, 0, 0)\" class=\"has-inline-color has-theme-yellow-color\">amarillo<\/mark>: Envases.<\/strong> En \u00e9ste se deben depositar todo tipo de envases ligeros como los envases de pl\u00e1sticos (botellas, tarrinas, bolsas, bandejas, etc.), de latas (bebidas, conservas, etc.).<\/p>\n\n\n\n<p class=\"animation--init--once slide-right has-theme-grey-color has-text-color has-link-color wp-elements-1619db9d7d4d7128d748965c70af6d05\"><strong>Contenedor <mark style=\"background-color:rgba(0, 0, 0, 0)\" class=\"has-inline-color has-theme-blue-color\">azul<\/mark>: Papel y cart\u00f3n.<\/strong> En este contenedor deben depositarse los envases de cart\u00f3n (cajas, bandejas, etc.), as\u00ed como los peri\u00f3dicos, revistas, papeles de envolver, propaganda, etc. Es aconsejable plegar las cajas de forma que ocupen el m\u00ednimo espacio dentro del contenedor.<\/p>\n\n\n\n<p class=\"animation--init--once slide-right has-theme-grey-color has-text-color has-link-color wp-elements-0527ef607665b1db7a18637ddbeea3ac\"><strong>Contenedor <mark style=\"background-color:rgba(0, 0, 0, 0);color:#94ae72\" class=\"has-inline-color\">verde<\/mark> claro: Cristal.<\/strong> En este contenedor se deposita cristal. No se pueden lanzar chapas ni tapas de metal.<\/p>\n\n\n\n<h6 class=\"wp-block-heading animation--init--once slide-right\">El Centro del Camping donde se encuentra la zona de lavadero se encuentran los contenedores de Mater\u00eda Org\u00e1nica o Residuos de comida.<\/h6>\n\n\n\n<p class=\"animation--init--once slide-right has-theme-grey-color has-text-color has-link-color wp-elements-759420ae02c1c58136d3d380a83607a6\"><strong>Contenedor <mark style=\"background-color:rgba(0, 0, 0, 0);color:#b38e66\" class=\"has-inline-color\">marr\u00f3n<\/mark>: Materia org\u00e1nica.<\/strong> En este contenedor se deposita restos de comida, tapones de corcho, marr\u00f3n del caf\u00e9, papel de cocina\u2026 pero no restos de jardiner\u00eda.<\/p>\n<\/div>\n\n\n\n<div class=\"wp-block-column is-vertically-aligned-center is-layout-flow wp-block-column-is-layout-flow\" style=\"flex-basis:60%\">\n<div class=\"wp-image-slider animation--init--once slide-left has-text-align-left aspect-ratio-3_2\">\n\n                                        \n                    <script>\n                        'use strict';\n\n                        document.addEventListener('DOMContentLoaded', function () {\n\n                            (function() {\n                                const blockSlide = new Splide( '#slide_699', {\n                                    type : 'loop',\n                                    perPage: 1,\n                                                                        \n                                    breakpoints: {\n                                        800: {\n                                            perPage: 1,\n                                                                                    },\n                                        450: {\n                                            perPage: 1,\n                                            \n                                        },\n                                    },\n                                    pagination: false,\n                                    arrows: false,\n                                    gap: 'var(--wp--style--block-gap)',\n                                    i18n: {\n                                        slideLabel: '%s\/%s',\n                                    },\n                                    autoplay: true,\n                                    interval: 5000\n                                } );\n                                \n\n                                \n                                blockSlide.mount();\n\n                                                                \n                                \n                            })();\n                        })\n                    <\/script>\n\n                    <div class=\"slider-container\"><div class=\"splide galeria-slider galeria-columnas-1\" id=\"slide_699\"><div class=\"splide__track\"><div class=\"splide__list\"><div id=\"thumb-3110\" class=\"splide__slide\"><div class=\"image-wrapper\"><img loading=\"lazy\" decoding=\"async\" width=\"1536\" height=\"691\" src=\"https:\/\/www.campingportdelavall.com\/wp-content\/uploads\/reciclatge-02.webp\" class=\"attachment-gallery-large size-gallery-large\" alt=\"\" \/><\/div><\/div><div id=\"thumb-3081\" class=\"splide__slide\"><div class=\"image-wrapper\"><img loading=\"lazy\" decoding=\"async\" width=\"1536\" height=\"692\" src=\"https:\/\/www.campingportdelavall.com\/wp-content\/uploads\/port-de-la-vall-01-1.webp\" class=\"attachment-gallery-large size-gallery-large\" alt=\"\" \/><\/div><\/div><div id=\"thumb-3105\" class=\"splide__slide\"><div class=\"image-wrapper\"><img loading=\"lazy\" decoding=\"async\" width=\"1536\" height=\"692\" src=\"https:\/\/www.campingportdelavall.com\/wp-content\/uploads\/reciclatge-03.webp\" class=\"attachment-gallery-large size-gallery-large\" alt=\"\" \/><\/div><\/div><div id=\"thumb-3115\" class=\"splide__slide\"><div class=\"image-wrapper\"><img loading=\"lazy\" decoding=\"async\" width=\"336\" height=\"336\" src=\"https:\/\/www.campingportdelavall.com\/wp-content\/uploads\/reciclatge-01.webp\" class=\"attachment-gallery-large size-gallery-large\" alt=\"\" \/><\/div><\/div><\/div><\/div><\/div><\/div>\n                    \n<\/div><\/div>\n<\/div>\n\n<div class=\"wp-block-columns alignwide are-vertically-aligned-center is-layout-flex wp-container-core-columns-is-layout-4373b0c2 wp-block-columns-is-layout-flex\" style=\"margin-top:0px;margin-bottom:8vh\">\n<div class=\"wp-block-column is-vertically-aligned-center is-layout-flow wp-block-column-is-layout-flow\" style=\"flex-basis:60%\">\n<div class=\"wp-image-slider animation--init--once slide-right has-text-align-left aspect-ratio-3_2\">\n\n                                        \n                    <script>\n                        'use strict';\n\n                        document.addEventListener('DOMContentLoaded', function () {\n\n                            (function() {\n                                const blockSlide = new Splide( '#slide_434', {\n                                    type : 'loop',\n                                    perPage: 1,\n                                                                        \n                                    breakpoints: {\n                                        800: {\n                                            perPage: 1,\n                                                                                    },\n                                        450: {\n                                            perPage: 1,\n                                            \n                                        },\n                                    },\n                                    pagination: false,\n                                    arrows: true,\n                                    gap: 'var(--wp--style--block-gap)',\n                                    i18n: {\n                                        slideLabel: '%s\/%s',\n                                    },\n                                    autoplay: true,\n                                    interval: 5000\n                                } );\n                                \n\n                                \n                                blockSlide.mount();\n\n                                                                \n                                \n                            })();\n                        })\n                    <\/script>\n\n                    <div class=\"slider-container\"><div class=\"splide galeria-slider galeria-columnas-1\" id=\"slide_434\"><div class=\"splide__track\"><div class=\"splide__list\"><div id=\"thumb-3126\" class=\"splide__slide\"><div class=\"image-wrapper\"><img loading=\"lazy\" decoding=\"async\" width=\"1536\" height=\"864\" src=\"https:\/\/www.campingportdelavall.com\/wp-content\/uploads\/parceles-04.webp\" class=\"attachment-gallery-large size-gallery-large\" alt=\"\" \/><\/div><\/div><div id=\"thumb-3131\" class=\"splide__slide\"><div class=\"image-wrapper\"><img loading=\"lazy\" decoding=\"async\" width=\"1536\" height=\"691\" src=\"https:\/\/www.campingportdelavall.com\/wp-content\/uploads\/parceles-03.webp\" class=\"attachment-gallery-large size-gallery-large\" alt=\"\" \/><\/div><\/div><div id=\"thumb-3136\" class=\"splide__slide\"><div class=\"image-wrapper\"><img loading=\"lazy\" decoding=\"async\" width=\"1536\" height=\"692\" src=\"https:\/\/www.campingportdelavall.com\/wp-content\/uploads\/parceles-02.webp\" class=\"attachment-gallery-large size-gallery-large\" alt=\"\" \/><\/div><\/div><div id=\"thumb-3141\" class=\"splide__slide\"><div class=\"image-wrapper\"><img loading=\"lazy\" decoding=\"async\" width=\"1536\" height=\"692\" src=\"https:\/\/www.campingportdelavall.com\/wp-content\/uploads\/parceles-01.webp\" class=\"attachment-gallery-large size-gallery-large\" alt=\"\" \/><\/div><\/div><div id=\"thumb-3146\" class=\"splide__slide\"><div class=\"image-wrapper\"><img loading=\"lazy\" decoding=\"async\" width=\"1536\" height=\"692\" src=\"https:\/\/www.campingportdelavall.com\/wp-content\/uploads\/parceles-00.webp\" class=\"attachment-gallery-large size-gallery-large\" alt=\"\" \/><\/div><\/div><\/div><\/div><\/div><\/div>\n                    \n<\/div><\/div>\n\n\n\n<div class=\"wp-block-column is-vertically-aligned-center is-layout-flow wp-block-column-is-layout-flow\" style=\"padding-bottom:5vh;flex-basis:40%\">\n<figure class=\"wp-block-image size-large is-resized animation--init--once slide-left wp-duotone-4bbed1-4bbed1-2\"><img loading=\"lazy\" decoding=\"async\" width=\"24\" height=\"24\" src=\"https:\/\/www.campingportdelavall.com\/wp-content\/uploads\/trees.svg\" alt=\"\" class=\"wp-image-1571\" style=\"object-fit:cover;width:50px;height:50px\"\/><\/figure>\n\n\n<h2 class=\"wp-block-heading animation--init--once slide-left has-h-3-font-size\">PARCELAS SECTOR MONTA\u00d1A Y PLAYA<\/h2>\n\n\n\n<p class=\"animation--init--once slide-left has-theme-grey-color has-text-color has-link-color wp-elements-b7a9b9637c557d2262bb0c4058a8d04d\">Conexi\u00f3n el\u00e9ctrica 10 amperios.<\/p>\n\n\n\n<p class=\"animation--init--once slide-left has-theme-grey-color has-text-color has-link-color wp-elements-b13fc4aad7ecd83c86897a8456eff5b0\">Conexi\u00f3n de agua y desag\u00fce.<\/p>\n<\/div>\n<\/div>\n\n<div class=\"wp-block-group alignfull custom-background is-layout-constrained wp-block-group-is-layout-constrained\" style=\"margin-bottom:15vh\">\n<div class=\"wp-block-columns alignwide are-vertically-aligned-bottom swap-columns is-layout-flex wp-container-core-columns-is-layout-dbe240d5 wp-block-columns-is-layout-flex\" style=\"margin-top:0px;margin-bottom:10vh\">\n<div class=\"wp-block-column is-vertically-aligned-bottom is-layout-flow wp-block-column-is-layout-flow\" style=\"flex-basis:40%\">\n<figure class=\"wp-block-image size-large is-resized animation--init--once slide-right wp-duotone-4bbed1-4bbed1-3\"><img loading=\"lazy\" decoding=\"async\" width=\"24\" height=\"24\" src=\"https:\/\/www.campingportdelavall.com\/wp-content\/uploads\/reception-bell.svg\" alt=\"\" class=\"wp-image-2336\" style=\"object-fit:cover;width:50px;height:50px\"\/><\/figure>\n\n\n<h2 class=\"wp-block-heading animation--init--once slide-right has-h-3-font-size\">RECEPCI\u00d3N<\/h2>\n\n\n\n<ul class=\"has-theme-grey-color has-text-color has-link-color wp-block-list wp-elements-20b646718bd2b0b6ece099144afddaba\">\n<li class=\"animation--init--once slide-right\">El horario de atenci\u00f3n es de 8h a 21h en temporada baja y en Temporada alta de 8h a 22h<\/li>\n\n\n\n<li class=\"animation--init--once slide-right\">Hay servicio de Vigilante en temporada baja de jueves a domingo de 21h a 7h y en Temporada alta todos los d\u00edas de 22h a 8h.<\/li>\n\n\n\n<li class=\"animation--init--once slide-right\">Recordar que el horario de silencio es de 00:00 a 8:00h<\/li>\n<\/ul>\n<\/div>\n\n\n\n<div class=\"wp-block-column is-vertically-aligned-bottom is-layout-flow wp-block-column-is-layout-flow\" style=\"flex-basis:60%\">\n<div class=\"wp-image-slider animation--init--once slide-left has-text-align-left aspect-ratio-3_2\">\n\n                                        \n                    <script>\n                        'use strict';\n\n                        document.addEventListener('DOMContentLoaded', function () {\n\n                            (function() {\n                                const blockSlide = new Splide( '#slide_905', {\n                                    type : 'loop',\n                                    perPage: 1,\n                                                                        \n                                    breakpoints: {\n                                        800: {\n                                            perPage: 1,\n                                                                                    },\n                                        450: {\n                                            perPage: 1,\n                                            \n                                        },\n                                    },\n                                    pagination: false,\n                                    arrows: true,\n                                    gap: 'var(--wp--style--block-gap)',\n                                    i18n: {\n                                        slideLabel: '%s\/%s',\n                                    },\n                                    autoplay: true,\n                                    interval: 5000\n                                } );\n                                \n\n                                \n                                blockSlide.mount();\n\n                                                                \n                                \n                            })();\n                        })\n                    <\/script>\n\n                    <div class=\"slider-container\"><div class=\"splide galeria-slider galeria-columnas-1\" id=\"slide_905\"><div class=\"splide__track\"><div class=\"splide__list\"><div id=\"thumb-3151\" class=\"splide__slide\"><div class=\"image-wrapper\"><img loading=\"lazy\" decoding=\"async\" width=\"1536\" height=\"1022\" src=\"https:\/\/www.campingportdelavall.com\/wp-content\/uploads\/recepcio-04.webp\" class=\"attachment-gallery-large size-gallery-large\" alt=\"\" \/><\/div><\/div><div id=\"thumb-3156\" class=\"splide__slide\"><div class=\"image-wrapper\"><img loading=\"lazy\" decoding=\"async\" width=\"1536\" height=\"692\" src=\"https:\/\/www.campingportdelavall.com\/wp-content\/uploads\/recepcio-03.webp\" class=\"attachment-gallery-large size-gallery-large\" alt=\"\" \/><\/div><\/div><div id=\"thumb-3161\" class=\"splide__slide\"><div class=\"image-wrapper\"><img loading=\"lazy\" decoding=\"async\" width=\"1536\" height=\"692\" src=\"https:\/\/www.campingportdelavall.com\/wp-content\/uploads\/recepcio-02.webp\" class=\"attachment-gallery-large size-gallery-large\" alt=\"\" \/><\/div><\/div><div id=\"thumb-3166\" class=\"splide__slide\"><div class=\"image-wrapper\"><img loading=\"lazy\" decoding=\"async\" width=\"1536\" height=\"692\" src=\"https:\/\/www.campingportdelavall.com\/wp-content\/uploads\/recepcio-01.webp\" class=\"attachment-gallery-large size-gallery-large\" alt=\"\" \/><\/div><\/div><div id=\"thumb-3171\" class=\"splide__slide\"><div class=\"image-wrapper\"><img loading=\"lazy\" decoding=\"async\" width=\"1536\" height=\"692\" src=\"https:\/\/www.campingportdelavall.com\/wp-content\/uploads\/recepcio-00.webp\" class=\"attachment-gallery-large size-gallery-large\" alt=\"\" \/><\/div><\/div><\/div><\/div><\/div><\/div>\n                    \n<\/div><\/div>\n<\/div>\n<\/div>\n\n<div class=\"wp-block-columns alignwide are-vertically-aligned-center is-layout-flex wp-container-core-columns-is-layout-4373b0c2 wp-block-columns-is-layout-flex\" style=\"margin-top:0px;margin-bottom:8vh\">\n<div class=\"wp-block-column is-vertically-aligned-center is-layout-flow wp-block-column-is-layout-flow\" style=\"flex-basis:60%\">\n<div class=\"wp-image-slider animation--init--once slide-right has-text-align-left aspect-ratio-3_2\">\n\n                                        \n                    <script>\n                        'use strict';\n\n                        document.addEventListener('DOMContentLoaded', function () {\n\n                            (function() {\n                                const blockSlide = new Splide( '#slide_814', {\n                                    type : 'loop',\n                                    perPage: 1,\n                                                                        \n                                    breakpoints: {\n                                        800: {\n                                            perPage: 1,\n                                                                                    },\n                                        450: {\n                                            perPage: 1,\n                                            \n                                        },\n                                    },\n                                    pagination: false,\n                                    arrows: true,\n                                    gap: 'var(--wp--style--block-gap)',\n                                    i18n: {\n                                        slideLabel: '%s\/%s',\n                                    },\n                                    autoplay: true,\n                                    interval: 5000\n                                } );\n                                \n\n                                \n                                blockSlide.mount();\n\n                                                                \n                                \n                            })();\n                        })\n                    <\/script>\n\n                    <div class=\"slider-container\"><div class=\"splide galeria-slider galeria-columnas-1\" id=\"slide_814\"><div class=\"splide__track\"><div class=\"splide__list\"><div id=\"thumb-3176\" class=\"splide__slide\"><div class=\"image-wrapper\"><img loading=\"lazy\" decoding=\"async\" width=\"1536\" height=\"1024\" src=\"https:\/\/www.campingportdelavall.com\/wp-content\/uploads\/supermercat-05.webp\" class=\"attachment-gallery-large size-gallery-large\" alt=\"\" \/><\/div><\/div><div id=\"thumb-3181\" class=\"splide__slide\"><div class=\"image-wrapper\"><img loading=\"lazy\" decoding=\"async\" width=\"640\" height=\"480\" src=\"https:\/\/www.campingportdelavall.com\/wp-content\/uploads\/supermercat-04.webp\" class=\"attachment-gallery-large size-gallery-large\" alt=\"\" \/><\/div><\/div><div id=\"thumb-3186\" class=\"splide__slide\"><div class=\"image-wrapper\"><img loading=\"lazy\" decoding=\"async\" width=\"1536\" height=\"692\" src=\"https:\/\/www.campingportdelavall.com\/wp-content\/uploads\/supermercat-03.webp\" class=\"attachment-gallery-large size-gallery-large\" alt=\"\" \/><\/div><\/div><div id=\"thumb-3191\" class=\"splide__slide\"><div class=\"image-wrapper\"><img loading=\"lazy\" decoding=\"async\" width=\"1536\" height=\"692\" src=\"https:\/\/www.campingportdelavall.com\/wp-content\/uploads\/supermercat-02.webp\" class=\"attachment-gallery-large size-gallery-large\" alt=\"\" \/><\/div><\/div><div id=\"thumb-3196\" class=\"splide__slide\"><div class=\"image-wrapper\"><img loading=\"lazy\" decoding=\"async\" width=\"1536\" height=\"692\" src=\"https:\/\/www.campingportdelavall.com\/wp-content\/uploads\/supermercat-01.webp\" class=\"attachment-gallery-large size-gallery-large\" alt=\"\" \/><\/div><\/div><div id=\"thumb-3201\" class=\"splide__slide\"><div class=\"image-wrapper\"><img loading=\"lazy\" decoding=\"async\" width=\"1536\" height=\"692\" src=\"https:\/\/www.campingportdelavall.com\/wp-content\/uploads\/supermercat-00.webp\" class=\"attachment-gallery-large size-gallery-large\" alt=\"\" \/><\/div><\/div><\/div><\/div><\/div><\/div>\n                    \n<\/div><\/div>\n\n\n\n<div class=\"wp-block-column is-vertically-aligned-center is-layout-flow wp-block-column-is-layout-flow\" style=\"padding-bottom:5vh;flex-basis:40%\">\n<figure class=\"wp-block-image size-large is-resized animation--init--once slide-left wp-duotone-4bbed1-4bbed1-4\"><img loading=\"lazy\" decoding=\"async\" width=\"24\" height=\"24\" src=\"https:\/\/www.campingportdelavall.com\/wp-content\/uploads\/supermercado.svg\" alt=\"\" class=\"wp-image-1195\" style=\"object-fit:cover;width:50px;height:50px\"\/><\/figure>\n\n\n<h2 class=\"wp-block-heading animation--init--once slide-left has-h-3-font-size\">SUPERMERCADO<\/h2>\n\n\n\n<p class=\"animation--init--once slide-left has-theme-grey-color has-text-color has-link-color wp-elements-349ca7af456e044efe8157323eab7527\">Disponemos de un peque\u00f1o supermercado donde podr\u00e1 comprar todo tipo de v\u00edveres, productos frescos de KM 0, art\u00edculos de limpieza e higiene, art\u00edculos para los campistas, pan y pasteler\u00eda del d\u00eda reci\u00e9n hechos por las ma\u00f1anas. Productos de proximidad.<\/p>\n<\/div>\n<\/div>\n\n<div class=\"wp-block-columns alignwide are-vertically-aligned-center swap-columns is-layout-flex wp-container-core-columns-is-layout-dbe240d5 wp-block-columns-is-layout-flex\" style=\"margin-top:0px;margin-bottom:10vh\">\n<div class=\"wp-block-column is-vertically-aligned-center is-layout-flow wp-block-column-is-layout-flow\" style=\"flex-basis:40%\">\n<figure class=\"wp-block-image size-large is-resized animation--init--once slide-right wp-duotone-4bbed1-4bbed1-5\"><img loading=\"lazy\" decoding=\"async\" width=\"24\" height=\"24\" src=\"https:\/\/www.campingportdelavall.com\/wp-content\/uploads\/bar.svg\" alt=\"\" class=\"wp-image-1140\" style=\"object-fit:cover;width:50px;height:50px\"\/><\/figure>\n\n\n<h2 class=\"wp-block-heading animation--init--once slide-right has-h-3-font-size\">TERRAZA<\/h2>\n\n\n\n<p class=\"animation--init--once slide-right has-theme-grey-color has-text-color has-link-color wp-elements-e319d30cbf75d03394f4efa721fc263d\">Totalmente exterior con carpa por sombra.<\/p>\n<\/div>\n\n\n\n<div class=\"wp-block-column is-vertically-aligned-center is-layout-flow wp-block-column-is-layout-flow\" style=\"flex-basis:60%\">\n<div class=\"wp-image-slider animation--init--once slide-left has-text-align-left aspect-ratio-3_2\">\n\n                                        \n                    <script>\n                        'use strict';\n\n                        document.addEventListener('DOMContentLoaded', function () {\n\n                            (function() {\n                                const blockSlide = new Splide( '#slide_983', {\n                                    type : 'loop',\n                                    perPage: 1,\n                                                                        \n                                    breakpoints: {\n                                        800: {\n                                            perPage: 1,\n                                                                                    },\n                                        450: {\n                                            perPage: 1,\n                                            \n                                        },\n                                    },\n                                    pagination: false,\n                                    arrows: true,\n                                    gap: 'var(--wp--style--block-gap)',\n                                    i18n: {\n                                        slideLabel: '%s\/%s',\n                                    },\n                                    autoplay: true,\n                                    interval: 5000\n                                } );\n                                \n\n                                \n                                blockSlide.mount();\n\n                                                                \n                                \n                            })();\n                        })\n                    <\/script>\n\n                    <div class=\"slider-container\"><div class=\"splide galeria-slider galeria-columnas-1\" id=\"slide_983\"><div class=\"splide__track\"><div class=\"splide__list\"><div id=\"thumb-3206\" class=\"splide__slide\"><div class=\"image-wrapper\"><img loading=\"lazy\" decoding=\"async\" width=\"1536\" height=\"691\" src=\"https:\/\/www.campingportdelavall.com\/wp-content\/uploads\/terrassa-3.webp\" class=\"attachment-gallery-large size-gallery-large\" alt=\"\" \/><\/div><\/div><div id=\"thumb-2398\" class=\"splide__slide\"><div class=\"image-wrapper\"><img loading=\"lazy\" decoding=\"async\" width=\"448\" height=\"336\" src=\"https:\/\/www.campingportdelavall.com\/wp-content\/uploads\/terrassa-1.webp\" class=\"attachment-gallery-large size-gallery-large\" alt=\"\" \/><\/div><\/div><div id=\"thumb-2403\" class=\"splide__slide\"><div class=\"image-wrapper\"><img loading=\"lazy\" decoding=\"async\" width=\"448\" height=\"252\" src=\"https:\/\/www.campingportdelavall.com\/wp-content\/uploads\/terrassa-2.webp\" class=\"attachment-gallery-large size-gallery-large\" alt=\"\" \/><\/div><\/div><\/div><\/div><\/div><\/div>\n                    \n<\/div><\/div>\n<\/div>\n\n<div class=\"wp-block-group alignfull has-theme-pearl-background-color has-background is-layout-constrained wp-block-group-is-layout-constrained\" style=\"margin-bottom:8vh;padding-top:8vh;padding-bottom:8vh\">\n<div class=\"wp-block-columns alignwide are-vertically-aligned-center swap-columns is-layout-flex wp-container-core-columns-is-layout-1b715042 wp-block-columns-is-layout-flex\">\n<div class=\"wp-block-column is-vertically-aligned-center is-layout-flow wp-block-column-is-layout-flow\" style=\"flex-basis:60%\">\n<div class=\"wp-image-slider animation--init--once slide-right has-text-align-left aspect-ratio-3_2\">\n\n                                        \n                    <script>\n                        'use strict';\n\n                        document.addEventListener('DOMContentLoaded', function () {\n\n                            (function() {\n                                const blockSlide = new Splide( '#slide_275', {\n                                    type : 'loop',\n                                    perPage: 1,\n                                                                        \n                                    breakpoints: {\n                                        800: {\n                                            perPage: 1,\n                                                                                    },\n                                        450: {\n                                            perPage: 1,\n                                            \n                                        },\n                                    },\n                                    pagination: false,\n                                    arrows: true,\n                                    gap: 'var(--wp--style--block-gap)',\n                                    i18n: {\n                                        slideLabel: '%s\/%s',\n                                    },\n                                    autoplay: true,\n                                    interval: 5000\n                                } );\n                                \n\n                                \n                                blockSlide.mount();\n\n                                                                \n                                \n                            })();\n                        })\n                    <\/script>\n\n                    <div class=\"slider-container\"><div class=\"splide galeria-slider galeria-columnas-1\" id=\"slide_275\"><div class=\"splide__track\"><div class=\"splide__list\"><div id=\"thumb-3231\" class=\"splide__slide\"><div class=\"image-wrapper\"><img loading=\"lazy\" decoding=\"async\" width=\"1536\" height=\"1152\" src=\"https:\/\/www.campingportdelavall.com\/wp-content\/uploads\/restaurant-06.webp\" class=\"attachment-gallery-large size-gallery-large\" alt=\"\" \/><\/div><\/div><div id=\"thumb-3236\" class=\"splide__slide\"><div class=\"image-wrapper\"><img loading=\"lazy\" decoding=\"async\" width=\"200\" height=\"200\" src=\"https:\/\/www.campingportdelavall.com\/wp-content\/uploads\/restaurant-05.webp\" class=\"attachment-gallery-large size-gallery-large\" alt=\"\" \/><\/div><\/div><div id=\"thumb-3241\" class=\"splide__slide\"><div class=\"image-wrapper\"><img loading=\"lazy\" decoding=\"async\" width=\"1536\" height=\"691\" src=\"https:\/\/www.campingportdelavall.com\/wp-content\/uploads\/restaurant-04.webp\" class=\"attachment-gallery-large size-gallery-large\" alt=\"\" \/><\/div><\/div><div id=\"thumb-3246\" class=\"splide__slide\"><div class=\"image-wrapper\"><img loading=\"lazy\" decoding=\"async\" width=\"1536\" height=\"691\" src=\"https:\/\/www.campingportdelavall.com\/wp-content\/uploads\/restaurant-03-1.webp\" class=\"attachment-gallery-large size-gallery-large\" alt=\"\" \/><\/div><\/div><div id=\"thumb-3251\" class=\"splide__slide\"><div class=\"image-wrapper\"><img loading=\"lazy\" decoding=\"async\" width=\"1536\" height=\"691\" src=\"https:\/\/www.campingportdelavall.com\/wp-content\/uploads\/restaurant-02-1.webp\" class=\"attachment-gallery-large size-gallery-large\" alt=\"\" \/><\/div><\/div><div id=\"thumb-3256\" class=\"splide__slide\"><div class=\"image-wrapper\"><img loading=\"lazy\" decoding=\"async\" width=\"1536\" height=\"691\" src=\"https:\/\/www.campingportdelavall.com\/wp-content\/uploads\/restaurant-01-1.webp\" class=\"attachment-gallery-large size-gallery-large\" alt=\"\" \/><\/div><\/div><div id=\"thumb-3261\" class=\"splide__slide\"><div class=\"image-wrapper\"><img loading=\"lazy\" decoding=\"async\" width=\"1536\" height=\"691\" src=\"https:\/\/www.campingportdelavall.com\/wp-content\/uploads\/restaurant-00-1.webp\" class=\"attachment-gallery-large size-gallery-large\" alt=\"\" \/><\/div><\/div><\/div><\/div><\/div><\/div>\n                    \n<\/div><\/div>\n\n\n\n<div class=\"wp-block-column is-vertically-aligned-center is-layout-flow wp-block-column-is-layout-flow\" style=\"flex-basis:40%\">\n<figure class=\"wp-block-image size-large is-resized animation--init--once slide-left wp-duotone-4bbed1-4bbed1-6\"><img loading=\"lazy\" decoding=\"async\" width=\"24\" height=\"24\" src=\"https:\/\/www.campingportdelavall.com\/wp-content\/uploads\/restaurante.svg\" alt=\"\" class=\"wp-image-1190\" style=\"object-fit:cover;width:50px;height:50px\"\/><\/figure>\n\n\n<h2 class=\"wp-block-heading animation--init--once slide-left has-h-3-font-size\">BAR-RESTAURANT<\/h2>\n\n\n\n<p class=\"animation--init--once slide-left has-theme-grey-color has-text-color has-link-color wp-elements-8caaa6b14eafeac8c42437eb70e4f1b5\">El Centro del Camping junto a la Terraza hay servicio de bar-restaurante con y tambi\u00e9n hacen comida para llevar\u2026<\/p>\n<\/div>\n<\/div>\n<\/div>\n\n<div class=\"wp-block-columns alignwide are-vertically-aligned-center is-layout-flex wp-container-core-columns-is-layout-4373b0c2 wp-block-columns-is-layout-flex\" style=\"margin-top:0px;margin-bottom:8vh\">\n<div class=\"wp-block-column is-vertically-aligned-center is-layout-flow wp-block-column-is-layout-flow\" style=\"padding-bottom:5vh;flex-basis:40%\">\n<figure class=\"wp-block-image size-large is-resized animation--init--once slide-right wp-duotone-4bbed1-4bbed1-7\"><img loading=\"lazy\" decoding=\"async\" width=\"24\" height=\"24\" src=\"https:\/\/www.campingportdelavall.com\/wp-content\/uploads\/car.svg\" alt=\"\" class=\"wp-image-2114\" style=\"object-fit:cover;width:50px;height:50px\"\/><\/figure>\n\n\n<h2 class=\"wp-block-heading animation--init--once slide-right has-h-3-font-size\">ZONA AUTOM\u00d3VIL<\/h2>\n\n\n\n<p class=\"animation--init--once slide-right has-theme-grey-color has-text-color has-link-color wp-elements-382e7ace162a7552198b8a2c0777d0e2\">Hay una zona por las autocaravanas donde pueden vaciar las aguas sucias y cargar agua potable.<\/p>\n<\/div>\n\n\n\n<div class=\"wp-block-column is-vertically-aligned-center is-layout-flow wp-block-column-is-layout-flow\" style=\"flex-basis:60%\">\n<div class=\"wp-image-slider animation--init--once slide-left has-text-align-left aspect-ratio-3_2\">\n\n                                        \n                    <script>\n                        'use strict';\n\n                        document.addEventListener('DOMContentLoaded', function () {\n\n                            (function() {\n                                const blockSlide = new Splide( '#slide_764', {\n                                    type : 'loop',\n                                    perPage: 1,\n                                                                        \n                                    breakpoints: {\n                                        800: {\n                                            perPage: 1,\n                                                                                    },\n                                        450: {\n                                            perPage: 1,\n                                            \n                                        },\n                                    },\n                                    pagination: false,\n                                    arrows: true,\n                                    gap: 'var(--wp--style--block-gap)',\n                                    i18n: {\n                                        slideLabel: '%s\/%s',\n                                    },\n                                    autoplay: true,\n                                    interval: 5000\n                                } );\n                                \n\n                                \n                                blockSlide.mount();\n\n                                                                \n                                \n                            })();\n                        })\n                    <\/script>\n\n                    <div class=\"slider-container\"><div class=\"splide galeria-slider galeria-columnas-1\" id=\"slide_764\"><div class=\"splide__track\"><div class=\"splide__list\"><div id=\"thumb-2792\" class=\"splide__slide\"><div class=\"image-wrapper\"><img loading=\"lazy\" decoding=\"async\" width=\"1536\" height=\"864\" src=\"https:\/\/www.campingportdelavall.com\/wp-content\/uploads\/zona-automobil-01.webp\" class=\"attachment-gallery-large size-gallery-large\" alt=\"\" \/><\/div><\/div><div id=\"thumb-2786\" class=\"splide__slide\"><div class=\"image-wrapper\"><img loading=\"lazy\" decoding=\"async\" width=\"1536\" height=\"864\" src=\"https:\/\/www.campingportdelavall.com\/wp-content\/uploads\/zona-automobil-02.webp\" class=\"attachment-gallery-large size-gallery-large\" alt=\"\" \/><\/div><\/div><\/div><\/div><\/div><\/div>\n                    \n<\/div><\/div>\n<\/div>\n\n<div class=\"wp-block-columns alignwide are-vertically-aligned-center swap-columns is-layout-flex wp-container-core-columns-is-layout-dbe240d5 wp-block-columns-is-layout-flex\" style=\"margin-top:0px;margin-bottom:10vh\">\n<div class=\"wp-block-column is-vertically-aligned-center is-layout-flow wp-block-column-is-layout-flow\" style=\"flex-basis:60%\">\n<div class=\"wp-image-slider animation--init--once slide-right has-text-align-left aspect-ratio-3_2\">\n\n                                        \n                    <script>\n                        'use strict';\n\n                        document.addEventListener('DOMContentLoaded', function () {\n\n                            (function() {\n                                const blockSlide = new Splide( '#slide_646', {\n                                    type : 'loop',\n                                    perPage: 1,\n                                                                        \n                                    breakpoints: {\n                                        800: {\n                                            perPage: 1,\n                                                                                    },\n                                        450: {\n                                            perPage: 1,\n                                            \n                                        },\n                                    },\n                                    pagination: false,\n                                    arrows: false,\n                                    gap: 'var(--wp--style--block-gap)',\n                                    i18n: {\n                                        slideLabel: '%s\/%s',\n                                    },\n                                    autoplay: true,\n                                    interval: 5000\n                                } );\n                                \n\n                                \n                                blockSlide.mount();\n\n                                                                \n                                \n                            })();\n                        })\n                    <\/script>\n\n                    <div class=\"slider-container\"><div class=\"splide galeria-slider galeria-columnas-1\" id=\"slide_646\"><div class=\"splide__track\"><div class=\"splide__list\"><div id=\"thumb-1552\" class=\"splide__slide\"><div class=\"image-wrapper\"><img loading=\"lazy\" decoding=\"async\" width=\"1536\" height=\"864\" src=\"https:\/\/www.campingportdelavall.com\/wp-content\/uploads\/acampada-playa-06.webp\" class=\"attachment-gallery-large size-gallery-large\" alt=\"\" \/><\/div><\/div><div id=\"thumb-1074\" class=\"splide__slide\"><div class=\"image-wrapper\"><img loading=\"lazy\" decoding=\"async\" width=\"1536\" height=\"1152\" src=\"https:\/\/www.campingportdelavall.com\/wp-content\/uploads\/mobil-home-5-pax-30.webp\" class=\"attachment-gallery-large size-gallery-large\" alt=\"\" \/><\/div><\/div><\/div><\/div><\/div><\/div>\n                    \n<\/div><\/div>\n\n\n\n<div class=\"wp-block-column is-vertically-aligned-center is-layout-flow wp-block-column-is-layout-flow\" style=\"flex-basis:40%\">\n<figure class=\"wp-block-image size-large is-resized animation--init--once slide-right wp-duotone-4bbed1-4bbed1-8\"><img loading=\"lazy\" decoding=\"async\" width=\"24\" height=\"24\" src=\"https:\/\/www.campingportdelavall.com\/wp-content\/uploads\/wifi-1.svg\" alt=\"\" class=\"wp-image-1200\" style=\"object-fit:cover;width:50px;height:50px\"\/><\/figure>\n\n\n<h2 class=\"wp-block-heading animation--init--once slide-left has-h-3-font-size\">INTERNET<\/h2>\n\n\n\n<p class=\"animation--init--once slide-left has-theme-grey-color has-text-color has-link-color wp-elements-915cd71cfe4a9aedaa0d08e046a754c2\">Hay servicio de Wifi en la mayor\u00eda de parcelas y M\u00f3viles Home el cual se da una contrase\u00f1a que facilita la recepci\u00f3n seg\u00fan los d\u00edas de estancia el Camping, totalmente gratuito<\/p>\n<\/div>\n<\/div>\n\n<div class=\"wp-block-group alignfull custom-background is-layout-constrained wp-block-group-is-layout-constrained\" style=\"margin-bottom:15vh\">\n<div class=\"wp-block-columns alignwide are-vertically-aligned-bottom is-layout-flex wp-container-core-columns-is-layout-4373b0c2 wp-block-columns-is-layout-flex\" style=\"margin-top:0px;margin-bottom:8vh\">\n<div class=\"wp-block-column is-vertically-aligned-bottom is-layout-flow wp-block-column-is-layout-flow\" style=\"padding-bottom:5vh;flex-basis:40%\">\n<figure class=\"wp-block-image size-large is-resized animation--init--once slide-right wp-duotone-4bbed1-4bbed1-9\"><img loading=\"lazy\" decoding=\"async\" width=\"24\" height=\"24\" src=\"https:\/\/www.campingportdelavall.com\/wp-content\/uploads\/agua-caliente.svg\" alt=\"\" class=\"wp-image-1130\" style=\"object-fit:cover;width:50px;height:50px\"\/><\/figure>\n\n\n<h2 class=\"wp-block-heading animation--init--once slide-right has-h-3-font-size\">LAVABOS<br\/>CON AGUA CALIENTE<\/h2>\n\n\n\n<p class=\"animation--init--once slide-right has-theme-grey-color has-text-color has-link-color wp-elements-49faa34beac1452cd520e67ec05168b5\">Existen zonas separadas para mujeres y hombres cabinas individuales. Disponibilidad de cabinas para minusv\u00e1lidos. Disponibilidad de cabinas para beb\u00e9s (Nurseria). Limpieza sigue durante todo el d\u00eda. WC qu\u00edmico.<\/p>\n<\/div>\n\n\n\n<div class=\"wp-block-column is-vertically-aligned-bottom is-layout-flow wp-block-column-is-layout-flow\" style=\"flex-basis:60%\">\n<div class=\"wp-image-slider animation--init--once slide-left has-text-align-left aspect-ratio-3_2\">\n\n                                        \n                    <script>\n                        'use strict';\n\n                        document.addEventListener('DOMContentLoaded', function () {\n\n                            (function() {\n                                const blockSlide = new Splide( '#slide_104', {\n                                    type : 'loop',\n                                    perPage: 1,\n                                                                        \n                                    breakpoints: {\n                                        800: {\n                                            perPage: 1,\n                                                                                    },\n                                        450: {\n                                            perPage: 1,\n                                            \n                                        },\n                                    },\n                                    pagination: false,\n                                    arrows: true,\n                                    gap: 'var(--wp--style--block-gap)',\n                                    i18n: {\n                                        slideLabel: '%s\/%s',\n                                    },\n                                    autoplay: true,\n                                    interval: 5000\n                                } );\n                                \n\n                                \n                                blockSlide.mount();\n\n                                                                \n                                \n                            })();\n                        })\n                    <\/script>\n\n                    <div class=\"slider-container\"><div class=\"splide galeria-slider galeria-columnas-1\" id=\"slide_104\"><div class=\"splide__track\"><div class=\"splide__list\"><div id=\"thumb-3266\" class=\"splide__slide\"><div class=\"image-wrapper\"><img loading=\"lazy\" decoding=\"async\" width=\"1240\" height=\"800\" src=\"https:\/\/www.campingportdelavall.com\/wp-content\/uploads\/lavabos-11.webp\" class=\"attachment-gallery-large size-gallery-large\" alt=\"\" \/><\/div><\/div><div id=\"thumb-3271\" class=\"splide__slide\"><div class=\"image-wrapper\"><img loading=\"lazy\" decoding=\"async\" width=\"200\" height=\"200\" src=\"https:\/\/www.campingportdelavall.com\/wp-content\/uploads\/lavabos-10.webp\" class=\"attachment-gallery-large size-gallery-large\" alt=\"\" \/><\/div><\/div><div id=\"thumb-3276\" class=\"splide__slide\"><div class=\"image-wrapper\"><img loading=\"lazy\" decoding=\"async\" width=\"1536\" height=\"1024\" src=\"https:\/\/www.campingportdelavall.com\/wp-content\/uploads\/lavabos-09.webp\" class=\"attachment-gallery-large size-gallery-large\" alt=\"\" \/><\/div><\/div><div id=\"thumb-3281\" class=\"splide__slide\"><div class=\"image-wrapper\"><img loading=\"lazy\" decoding=\"async\" width=\"1024\" height=\"1536\" src=\"https:\/\/www.campingportdelavall.com\/wp-content\/uploads\/lavabos-08.webp\" class=\"attachment-gallery-large size-gallery-large\" alt=\"\" \/><\/div><\/div><div id=\"thumb-3286\" class=\"splide__slide\"><div class=\"image-wrapper\"><img loading=\"lazy\" decoding=\"async\" width=\"1536\" height=\"1024\" src=\"https:\/\/www.campingportdelavall.com\/wp-content\/uploads\/lavabos-07.webp\" class=\"attachment-gallery-large size-gallery-large\" alt=\"\" \/><\/div><\/div><div id=\"thumb-3291\" class=\"splide__slide\"><div class=\"image-wrapper\"><img loading=\"lazy\" decoding=\"async\" width=\"1536\" height=\"1024\" src=\"https:\/\/www.campingportdelavall.com\/wp-content\/uploads\/lavabos-06.webp\" class=\"attachment-gallery-large size-gallery-large\" alt=\"\" \/><\/div><\/div><div id=\"thumb-3296\" class=\"splide__slide\"><div class=\"image-wrapper\"><img loading=\"lazy\" decoding=\"async\" width=\"1536\" height=\"1024\" src=\"https:\/\/www.campingportdelavall.com\/wp-content\/uploads\/lavabos-05.webp\" class=\"attachment-gallery-large size-gallery-large\" alt=\"\" \/><\/div><\/div><div id=\"thumb-3301\" class=\"splide__slide\"><div class=\"image-wrapper\"><img loading=\"lazy\" decoding=\"async\" width=\"1536\" height=\"1024\" src=\"https:\/\/www.campingportdelavall.com\/wp-content\/uploads\/lavabos-04.webp\" class=\"attachment-gallery-large size-gallery-large\" alt=\"\" \/><\/div><\/div><div id=\"thumb-3306\" class=\"splide__slide\"><div class=\"image-wrapper\"><img loading=\"lazy\" decoding=\"async\" width=\"1536\" height=\"1024\" src=\"https:\/\/www.campingportdelavall.com\/wp-content\/uploads\/lavabos-03.webp\" class=\"attachment-gallery-large size-gallery-large\" alt=\"\" \/><\/div><\/div><div id=\"thumb-3311\" class=\"splide__slide\"><div class=\"image-wrapper\"><img loading=\"lazy\" decoding=\"async\" width=\"1536\" height=\"1152\" src=\"https:\/\/www.campingportdelavall.com\/wp-content\/uploads\/lavabos-02.webp\" class=\"attachment-gallery-large size-gallery-large\" alt=\"\" \/><\/div><\/div><div id=\"thumb-3316\" class=\"splide__slide\"><div class=\"image-wrapper\"><img loading=\"lazy\" decoding=\"async\" width=\"1152\" height=\"1536\" src=\"https:\/\/www.campingportdelavall.com\/wp-content\/uploads\/lavabos-01.webp\" class=\"attachment-gallery-large size-gallery-large\" alt=\"\" \/><\/div><\/div><div id=\"thumb-3321\" class=\"splide__slide\"><div class=\"image-wrapper\"><img loading=\"lazy\" decoding=\"async\" width=\"1152\" height=\"1536\" src=\"https:\/\/www.campingportdelavall.com\/wp-content\/uploads\/lavabos-00.webp\" class=\"attachment-gallery-large size-gallery-large\" alt=\"\" \/><\/div><\/div><\/div><\/div><\/div><\/div>\n                    \n<\/div><\/div>\n<\/div>\n<\/div>\n\n<div class=\"wp-block-columns alignwide are-vertically-aligned-center swap-columns is-layout-flex wp-container-core-columns-is-layout-dbe240d5 wp-block-columns-is-layout-flex\" style=\"margin-top:0px;margin-bottom:10vh\">\n<div class=\"wp-block-column is-vertically-aligned-center is-layout-flow wp-block-column-is-layout-flow\" style=\"flex-basis:60%\">\n<div class=\"wp-image-slider animation--init--once slide-right has-text-align-left aspect-ratio-3_2\">\n\n                                        \n                    <script>\n                        'use strict';\n\n                        document.addEventListener('DOMContentLoaded', function () {\n\n                            (function() {\n                                const blockSlide = new Splide( '#slide_928', {\n                                    type : 'loop',\n                                    perPage: 1,\n                                                                        \n                                    breakpoints: {\n                                        800: {\n                                            perPage: 1,\n                                                                                    },\n                                        450: {\n                                            perPage: 1,\n                                            \n                                        },\n                                    },\n                                    pagination: false,\n                                    arrows: true,\n                                    gap: 'var(--wp--style--block-gap)',\n                                    i18n: {\n                                        slideLabel: '%s\/%s',\n                                    },\n                                    autoplay: true,\n                                    interval: 5000\n                                } );\n                                \n\n                                \n                                blockSlide.mount();\n\n                                                                \n                                \n                            })();\n                        })\n                    <\/script>\n\n                    <div class=\"slider-container\"><div class=\"splide galeria-slider galeria-columnas-1\" id=\"slide_928\"><div class=\"splide__track\"><div class=\"splide__list\"><div id=\"thumb-2446\" class=\"splide__slide\"><div class=\"image-wrapper\"><img loading=\"lazy\" decoding=\"async\" width=\"1536\" height=\"864\" src=\"https:\/\/www.campingportdelavall.com\/wp-content\/uploads\/barbacoa-2.webp\" class=\"attachment-gallery-large size-gallery-large\" alt=\"\" \/><\/div><\/div><div id=\"thumb-2441\" class=\"splide__slide\"><div class=\"image-wrapper\"><img loading=\"lazy\" decoding=\"async\" width=\"300\" height=\"194\" src=\"https:\/\/www.campingportdelavall.com\/wp-content\/uploads\/barbacoa-1.webp\" class=\"attachment-gallery-large size-gallery-large\" alt=\"\" \/><\/div><\/div><div id=\"thumb-3358\" class=\"splide__slide\"><div class=\"image-wrapper\"><img loading=\"lazy\" decoding=\"async\" width=\"1536\" height=\"1024\" src=\"https:\/\/www.campingportdelavall.com\/wp-content\/uploads\/barbacoa-00.webp\" class=\"attachment-gallery-large size-gallery-large\" alt=\"\" \/><\/div><\/div><\/div><\/div><\/div><\/div>\n                    \n<\/div><\/div>\n\n\n\n<div class=\"wp-block-column is-vertically-aligned-center is-layout-flow wp-block-column-is-layout-flow\" style=\"flex-basis:40%\">\n<figure class=\"wp-block-image size-large is-resized animation--init--once slide-left wp-duotone-4bbed1-4bbed1-10\"><img loading=\"lazy\" decoding=\"async\" width=\"24\" height=\"24\" src=\"https:\/\/www.campingportdelavall.com\/wp-content\/uploads\/barbacoa.svg\" alt=\"\" class=\"wp-image-1145\" style=\"object-fit:cover;width:50px;height:50px\"\/><\/figure>\n\n\n<h2 class=\"wp-block-heading animation--init--once slide-left has-h-3-font-size\">BARBACOAS<\/h2>\n\n\n\n<p class=\"animation--init--once slide-left has-theme-grey-color has-text-color has-link-color wp-elements-529c7c5547f6fa14752bdc1c7b930399\">El Camping dispone de dos barbacoas comunitarias que se pueden utilizar siempre y cuando las climatizaciones atmosf\u00e9ricas lo permitan y los agentes rurales. Es obligado utilizar carb\u00f3n.<\/p>\n\n\n\n<p class=\"animation--init--once slide-left has-theme-grey-color has-text-color has-link-color wp-elements-a1ce2128fc76baf818eb81f1c155be90\"> En las parcelas est\u00e1 prohibido barbacoas de carb\u00f3n s\u00f3lo pueden utilizarse barbacoas el\u00e9ctricas.<\/p>\n<\/div>\n<\/div>\n\n<div class=\"wp-block-group alignfull custom-background is-layout-constrained wp-block-group-is-layout-constrained\" style=\"margin-bottom:15vh\">\n<div class=\"wp-block-columns alignwide are-vertically-aligned-bottom is-layout-flex wp-container-core-columns-is-layout-4373b0c2 wp-block-columns-is-layout-flex\" style=\"margin-top:0px;margin-bottom:8vh\">\n<div class=\"wp-block-column is-vertically-aligned-bottom is-layout-flow wp-block-column-is-layout-flow\" style=\"padding-bottom:5vh;flex-basis:40%\">\n<figure class=\"wp-block-image size-large is-resized animation--init--once slide-right wp-duotone-4bbed1-4bbed1-11\"><img loading=\"lazy\" decoding=\"async\" width=\"24\" height=\"24\" src=\"https:\/\/www.campingportdelavall.com\/wp-content\/uploads\/lavanderia.svg\" alt=\"\" class=\"wp-image-1165\" style=\"object-fit:cover;width:50px;height:50px\"\/><\/figure>\n\n\n<h2 class=\"wp-block-heading animation--init--once slide-right has-h-3-font-size\">LAVANDER\u00cdA<\/h2>\n\n\n\n<p class=\"animation--init--once slide-right has-theme-grey-color has-text-color has-link-color wp-elements-5c3f9a5e8d14eb4eee5ca1941851887b\">El Centro del Camping hay una habitaci\u00f3n con Lavadoras y Secadoras que van con unas fichas que tienen un coste de 5\u20ac por lavado.<\/p>\n<\/div>\n\n\n\n<div class=\"wp-block-column is-vertically-aligned-bottom is-layout-flow wp-block-column-is-layout-flow\" style=\"flex-basis:60%\">\n<div class=\"wp-image-slider animation--init--once slide-left has-text-align-left aspect-ratio-3_2\">\n\n                                        \n                    <script>\n                        'use strict';\n\n                        document.addEventListener('DOMContentLoaded', function () {\n\n                            (function() {\n                                const blockSlide = new Splide( '#slide_475', {\n                                    type : 'loop',\n                                    perPage: 1,\n                                                                        \n                                    breakpoints: {\n                                        800: {\n                                            perPage: 1,\n                                                                                    },\n                                        450: {\n                                            perPage: 1,\n                                            \n                                        },\n                                    },\n                                    pagination: false,\n                                    arrows: false,\n                                    gap: 'var(--wp--style--block-gap)',\n                                    i18n: {\n                                        slideLabel: '%s\/%s',\n                                    },\n                                    autoplay: true,\n                                    interval: 5000\n                                } );\n                                \n\n                                \n                                blockSlide.mount();\n\n                                                                \n                                \n                            })();\n                        })\n                    <\/script>\n\n                    <div class=\"slider-container\"><div class=\"splide galeria-slider galeria-columnas-1\" id=\"slide_475\"><div class=\"splide__track\"><div class=\"splide__list\"><div id=\"thumb-1676\" class=\"splide__slide\"><div class=\"image-wrapper\"><img loading=\"lazy\" decoding=\"async\" width=\"1536\" height=\"1024\" src=\"https:\/\/www.campingportdelavall.com\/wp-content\/uploads\/servicios-09.webp\" class=\"attachment-gallery-large size-gallery-large\" alt=\"\" \/><\/div><\/div><div id=\"thumb-3327\" class=\"splide__slide\"><div class=\"image-wrapper\"><img loading=\"lazy\" decoding=\"async\" width=\"1536\" height=\"1152\" src=\"https:\/\/www.campingportdelavall.com\/wp-content\/uploads\/bugaderia-02.webp\" class=\"attachment-gallery-large size-gallery-large\" alt=\"\" \/><\/div><\/div><div id=\"thumb-3332\" class=\"splide__slide\"><div class=\"image-wrapper\"><img loading=\"lazy\" decoding=\"async\" width=\"336\" height=\"336\" src=\"https:\/\/www.campingportdelavall.com\/wp-content\/uploads\/bugaderia-01.webp\" class=\"attachment-gallery-large size-gallery-large\" alt=\"\" \/><\/div><\/div><div id=\"thumb-3337\" class=\"splide__slide\"><div class=\"image-wrapper\"><img loading=\"lazy\" decoding=\"async\" width=\"1536\" height=\"1024\" src=\"https:\/\/www.campingportdelavall.com\/wp-content\/uploads\/bugaderia-00.webp\" class=\"attachment-gallery-large size-gallery-large\" alt=\"\" \/><\/div><\/div><\/div><\/div><\/div><\/div>\n                    \n<\/div><\/div>\n<\/div>\n<\/div>\n\n<div class=\"wp-block-columns alignwide are-vertically-aligned-center swap-columns is-layout-flex wp-container-core-columns-is-layout-dbe240d5 wp-block-columns-is-layout-flex\" style=\"margin-top:0px;margin-bottom:10vh\">\n<div class=\"wp-block-column is-vertically-aligned-center is-layout-flow wp-block-column-is-layout-flow\" style=\"flex-basis:60%\">\n<div class=\"wp-image-slider animation--init--once slide-right has-text-align-left aspect-ratio-3_2\">\n\n                                        \n                    <script>\n                        'use strict';\n\n                        document.addEventListener('DOMContentLoaded', function () {\n\n                            (function() {\n                                const blockSlide = new Splide( '#slide_247', {\n                                    type : 'loop',\n                                    perPage: 1,\n                                                                        \n                                    breakpoints: {\n                                        800: {\n                                            perPage: 1,\n                                                                                    },\n                                        450: {\n                                            perPage: 1,\n                                            \n                                        },\n                                    },\n                                    pagination: false,\n                                    arrows: false,\n                                    gap: 'var(--wp--style--block-gap)',\n                                    i18n: {\n                                        slideLabel: '%s\/%s',\n                                    },\n                                    autoplay: true,\n                                    interval: 5000\n                                } );\n                                \n\n                                \n                                blockSlide.mount();\n\n                                                                \n                                \n                            })();\n                        })\n                    <\/script>\n\n                    <div class=\"slider-container\"><div class=\"splide galeria-slider galeria-columnas-1\" id=\"slide_247\"><div class=\"splide__track\"><div class=\"splide__list\"><div id=\"thumb-2356\" class=\"splide__slide\"><div class=\"image-wrapper\"><img loading=\"lazy\" decoding=\"async\" width=\"1536\" height=\"1024\" src=\"https:\/\/www.campingportdelavall.com\/wp-content\/uploads\/dogs.webp\" class=\"attachment-gallery-large size-gallery-large\" alt=\"\" \/><\/div><\/div><\/div><\/div><\/div><\/div>\n                    \n<\/div><\/div>\n\n\n\n<div class=\"wp-block-column is-vertically-aligned-center is-layout-flow wp-block-column-is-layout-flow\" style=\"flex-basis:40%\">\n<figure class=\"wp-block-image size-large is-resized animation--init--once slide-left wp-duotone-4bbed1-4bbed1-12\"><img loading=\"lazy\" decoding=\"async\" width=\"24\" height=\"24\" src=\"https:\/\/www.campingportdelavall.com\/wp-content\/uploads\/dog.svg\" alt=\"\" class=\"wp-image-2341\" style=\"object-fit:cover;width:50px;height:50px\"\/><\/figure>\n\n\n<h2 class=\"wp-block-heading animation--init--once slide-left has-h-3-font-size\">PERROS<\/h2>\n\n\n\n<p class=\"animation--init--once slide-left has-theme-grey-color has-text-color has-link-color wp-elements-cea406fdfbf86ab8951cfef1d40478c2\">Se admiten perros, salvo los catalogados como peligrosos seg\u00fan la legislaci\u00f3n. Siempre debe ir atados dentro del recinto del Camping. No est\u00e1 permitido dejarlos solos en las parcelas ni en ning\u00fan otro lugar del recinto del Camping.<\/p>\n<\/div>\n<\/div>\n\n<div class=\"wp-block-columns alignwide are-vertically-aligned-center is-layout-flex wp-container-core-columns-is-layout-4373b0c2 wp-block-columns-is-layout-flex\" style=\"margin-top:0px;margin-bottom:8vh\">\n<div class=\"wp-block-column is-vertically-aligned-center is-layout-flow wp-block-column-is-layout-flow\" style=\"padding-bottom:5vh;flex-basis:40%\">\n<figure class=\"wp-block-image size-large is-resized animation--init--once slide-right wp-duotone-4bbed1-4bbed1-13\"><img loading=\"lazy\" decoding=\"async\" width=\"24\" height=\"24\" src=\"https:\/\/www.campingportdelavall.com\/wp-content\/uploads\/pharmacy.svg\" alt=\"\" class=\"wp-image-2359\" style=\"object-fit:cover;width:50px;height:50px\"\/><\/figure>\n\n\n<h2 class=\"wp-block-heading animation--init--once slide-right has-h-3-font-size\">SERVICIO M\u00c9DICO<\/h2>\n\n\n\n<p class=\"animation--init--once slide-right has-theme-grey-color has-text-color has-link-color wp-elements-ec4ec198cd623b880118e895103addb1\">El Centro m\u00e9dico de m\u00e1s a proximidad se encuentra en Llan\u00e7\u00e0 6km del Camping. Tambi\u00e9n el Port de la Selva a 2Km est\u00e1 el servicio de Protecci\u00f3n civil por las primeras emergencias.<\/p>\n<\/div>\n\n\n\n<div class=\"wp-block-column is-vertically-aligned-center is-layout-flow wp-block-column-is-layout-flow\" style=\"flex-basis:60%\">\n<div class=\"wp-image-slider animation--init--once slide-left has-text-align-left aspect-ratio-3_2\">\n\n                                        \n                    <script>\n                        'use strict';\n\n                        document.addEventListener('DOMContentLoaded', function () {\n\n                            (function() {\n                                const blockSlide = new Splide( '#slide_802', {\n                                    type : 'loop',\n                                    perPage: 1,\n                                                                        \n                                    breakpoints: {\n                                        800: {\n                                            perPage: 1,\n                                                                                    },\n                                        450: {\n                                            perPage: 1,\n                                            \n                                        },\n                                    },\n                                    pagination: false,\n                                    arrows: false,\n                                    gap: 'var(--wp--style--block-gap)',\n                                    i18n: {\n                                        slideLabel: '%s\/%s',\n                                    },\n                                    autoplay: true,\n                                    interval: 5000\n                                } );\n                                \n\n                                \n                                blockSlide.mount();\n\n                                                                \n                                \n                            })();\n                        })\n                    <\/script>\n\n                    <div class=\"slider-container\"><div class=\"splide galeria-slider galeria-columnas-1\" id=\"slide_802\"><div class=\"splide__track\"><div class=\"splide__list\"><div id=\"thumb-2368\" class=\"splide__slide\"><div class=\"image-wrapper\"><img loading=\"lazy\" decoding=\"async\" width=\"1280\" height=\"853\" src=\"https:\/\/www.campingportdelavall.com\/wp-content\/uploads\/medical.webp\" class=\"attachment-gallery-large size-gallery-large\" alt=\"\" \/><\/div><\/div><\/div><\/div><\/div><\/div>\n                    \n<\/div><\/div>\n<\/div>\n\n<div class=\"wp-block-columns alignwide are-vertically-aligned-center swap-columns is-layout-flex wp-container-core-columns-is-layout-25f984d7 wp-block-columns-is-layout-flex\" style=\"margin-bottom:10vh\">\n<div class=\"wp-block-column is-vertically-aligned-center is-layout-flow wp-block-column-is-layout-flow\" style=\"flex-basis:60%\">\n<div class=\"wp-image-slider animation--init--once slide-right has-text-align-left aspect-ratio-3_2\">\n\n                                        \n                    <script>\n                        'use strict';\n\n                        document.addEventListener('DOMContentLoaded', function () {\n\n                            (function() {\n                                const blockSlide = new Splide( '#slide_460', {\n                                    type : 'slide',\n                                    perPage: 1,\n                                                                        \n                                    breakpoints: {\n                                        800: {\n                                            perPage: 1,\n                                                                                    },\n                                        450: {\n                                            perPage: 1,\n                                            \n                                        },\n                                    },\n                                    pagination: false,\n                                    arrows: true,\n                                    gap: 'var(--wp--style--block-gap)',\n                                    i18n: {\n                                        slideLabel: '%s\/%s',\n                                    },\n                                    autoplay: true,\n                                    interval: 5000\n                                } );\n                                \n\n                                \n                                blockSlide.mount();\n\n                                                                \n                                \n                            })();\n                        })\n                    <\/script>\n\n                    <div class=\"slider-container\"><div class=\"splide galeria-slider galeria-columnas-1\" id=\"slide_460\"><div class=\"splide__track\"><div class=\"splide__list\"><div id=\"thumb-2578\" class=\"splide__slide\"><div class=\"image-wrapper\"><img loading=\"lazy\" decoding=\"async\" width=\"1536\" height=\"864\" src=\"https:\/\/www.campingportdelavall.com\/wp-content\/uploads\/parc-infantil-3-2-1.webp\" class=\"attachment-gallery-large size-gallery-large\" alt=\"\" \/><\/div><\/div><div id=\"thumb-2588\" class=\"splide__slide\"><div class=\"image-wrapper\"><img loading=\"lazy\" decoding=\"async\" width=\"1536\" height=\"1152\" src=\"https:\/\/www.campingportdelavall.com\/wp-content\/uploads\/zona-de-jocs-1.webp\" class=\"attachment-gallery-large size-gallery-large\" alt=\"\" \/><\/div><\/div><div id=\"thumb-3343\" class=\"splide__slide\"><div class=\"image-wrapper\"><img loading=\"lazy\" decoding=\"async\" width=\"1536\" height=\"692\" src=\"https:\/\/www.campingportdelavall.com\/wp-content\/uploads\/parc-infantil-02.webp\" class=\"attachment-gallery-large size-gallery-large\" alt=\"\" \/><\/div><\/div><div id=\"thumb-3348\" class=\"splide__slide\"><div class=\"image-wrapper\"><img loading=\"lazy\" decoding=\"async\" width=\"1536\" height=\"864\" src=\"https:\/\/www.campingportdelavall.com\/wp-content\/uploads\/parc-infantil-01.webp\" class=\"attachment-gallery-large size-gallery-large\" alt=\"\" \/><\/div><\/div><div id=\"thumb-3353\" class=\"splide__slide\"><div class=\"image-wrapper\"><img loading=\"lazy\" decoding=\"async\" width=\"1536\" height=\"692\" src=\"https:\/\/www.campingportdelavall.com\/wp-content\/uploads\/parc-infantil-00.webp\" class=\"attachment-gallery-large size-gallery-large\" alt=\"\" \/><\/div><\/div><\/div><\/div><\/div><\/div>\n                    \n<\/div><\/div>\n\n\n\n<div class=\"wp-block-column is-vertically-aligned-center is-layout-flow wp-block-column-is-layout-flow\" style=\"flex-basis:40%\">\n<figure class=\"wp-block-image size-large is-resized animation--init--once slide-left wp-duotone-4bbed1-4bbed1-14\"><img loading=\"lazy\" decoding=\"async\" width=\"24\" height=\"24\" src=\"https:\/\/www.campingportdelavall.com\/wp-content\/uploads\/playground.svg\" alt=\"\" class=\"wp-image-2449\" style=\"object-fit:cover;width:50px;height:50px\"\/><\/figure>\n\n\n<h2 class=\"wp-block-heading animation--init--once slide-left has-h-3-font-size\" style=\"text-transform:uppercase\">Parque infantil o espacio de juegos recreativos<\/h2>\n\n\n\n<p class=\"animation--init--once slide-left has-theme-grey-color has-text-color has-link-color wp-elements-37dcc0c8af929de27630786cf0879626\">Totalmente exterior con carpa por sombra.<\/p>\n<\/div>\n<\/div>\n","protected":false},"excerpt":{"rendered":"<p>Servicios e instalacionesEL CAMPING PUERTO DEL VALLE DISPONE DE LAS SIGUIENTES INSTALACIONES Y SERVICIOS POR SU GUSTO Y DISFRUTE BASURA O RECICLAJE En la entrada&#8230;<\/p>\n","protected":false},"author":2,"featured_media":0,"parent":0,"menu_order":2,"comment_status":"closed","ping_status":"closed","template":"","meta":{"_acf_changed":false,"inline_featured_image":false,"footnotes":""},"class_list":["post-2951","page","type-page","status-publish","hentry"],"acf":[],"yoast_head":"<!-- This site is optimized with the Yoast SEO plugin v25.5 - https:\/\/yoast.com\/wordpress\/plugins\/seo\/ -->\n<title>Instalaciones y servicios - Port de la Vall<\/title>\n<meta name=\"description\" content=\"Servicios e instalaciones - el camping puerto del valle dispone de las siguientes instalaciones y servicios por su gusto y disfrute\" \/>\n<meta name=\"robots\" content=\"index, follow, max-snippet:-1, max-image-preview:large, max-video-preview:-1\" \/>\n<link rel=\"canonical\" href=\"https:\/\/www.campingportdelavall.com\/es\/instalaciones-y-servicios\/\" \/>\n<meta property=\"og:locale\" content=\"es_ES\" \/>\n<meta property=\"og:type\" content=\"article\" \/>\n<meta property=\"og:title\" content=\"Instalaciones y servicios - Port de la Vall\" \/>\n<meta property=\"og:description\" content=\"Servicios e instalaciones - el camping puerto del valle dispone de las siguientes instalaciones y servicios por su gusto y disfrute\" \/>\n<meta property=\"og:url\" content=\"https:\/\/www.campingportdelavall.com\/es\/instalaciones-y-servicios\/\" \/>\n<meta property=\"og:site_name\" content=\"Port de la Vall\" \/>\n<meta property=\"article:modified_time\" content=\"2024-09-03T11:44:04+00:00\" \/>\n<meta property=\"og:image\" content=\"https:\/\/www.campingportdelavall.com\/wp-content\/uploads\/serveis.webp\" \/>\n<meta name=\"twitter:card\" content=\"summary_large_image\" \/>\n<meta name=\"twitter:label1\" content=\"Tiempo de lectura\" \/>\n\t<meta name=\"twitter:data1\" content=\"7 minutos\" \/>\n<script type=\"application\/ld+json\" class=\"yoast-schema-graph\">{\"@context\":\"https:\/\/schema.org\",\"@graph\":[{\"@type\":\"WebPage\",\"@id\":\"https:\/\/www.campingportdelavall.com\/es\/instalaciones-y-servicios\/\",\"url\":\"https:\/\/www.campingportdelavall.com\/es\/instalaciones-y-servicios\/\",\"name\":\"Instalaciones y servicios - Port de la Vall\",\"isPartOf\":{\"@id\":\"https:\/\/www.campingportdelavall.com\/es\/#website\"},\"primaryImageOfPage\":{\"@id\":\"https:\/\/www.campingportdelavall.com\/es\/instalaciones-y-servicios\/#primaryimage\"},\"image\":{\"@id\":\"https:\/\/www.campingportdelavall.com\/es\/instalaciones-y-servicios\/#primaryimage\"},\"thumbnailUrl\":\"https:\/\/www.campingportdelavall.com\/wp-content\/uploads\/serveis.webp\",\"datePublished\":\"2024-04-11T08:31:32+00:00\",\"dateModified\":\"2024-09-03T11:44:04+00:00\",\"description\":\"Servicios e instalaciones - el camping puerto del valle dispone de las siguientes instalaciones y servicios por su gusto y disfrute\",\"breadcrumb\":{\"@id\":\"https:\/\/www.campingportdelavall.com\/es\/instalaciones-y-servicios\/#breadcrumb\"},\"inLanguage\":\"es\",\"potentialAction\":[{\"@type\":\"ReadAction\",\"target\":[\"https:\/\/www.campingportdelavall.com\/es\/instalaciones-y-servicios\/\"]}]},{\"@type\":\"ImageObject\",\"inLanguage\":\"es\",\"@id\":\"https:\/\/www.campingportdelavall.com\/es\/instalaciones-y-servicios\/#primaryimage\",\"url\":\"https:\/\/www.campingportdelavall.com\/wp-content\/uploads\/serveis.webp\",\"contentUrl\":\"https:\/\/www.campingportdelavall.com\/wp-content\/uploads\/serveis.webp\"},{\"@type\":\"BreadcrumbList\",\"@id\":\"https:\/\/www.campingportdelavall.com\/es\/instalaciones-y-servicios\/#breadcrumb\",\"itemListElement\":[{\"@type\":\"ListItem\",\"position\":1,\"name\":\"Portada\",\"item\":\"https:\/\/www.campingportdelavall.com\/es\/\"},{\"@type\":\"ListItem\",\"position\":2,\"name\":\"Instalaciones y servicios\"}]},{\"@type\":\"WebSite\",\"@id\":\"https:\/\/www.campingportdelavall.com\/es\/#website\",\"url\":\"https:\/\/www.campingportdelavall.com\/es\/\",\"name\":\"Port de la Vall\",\"description\":\"C\u00e0mping Caravaning\",\"publisher\":{\"@id\":\"https:\/\/www.campingportdelavall.com\/es\/#organization\"},\"potentialAction\":[{\"@type\":\"SearchAction\",\"target\":{\"@type\":\"EntryPoint\",\"urlTemplate\":\"https:\/\/www.campingportdelavall.com\/es\/?s={search_term_string}\"},\"query-input\":{\"@type\":\"PropertyValueSpecification\",\"valueRequired\":true,\"valueName\":\"search_term_string\"}}],\"inLanguage\":\"es\"},{\"@type\":\"Organization\",\"@id\":\"https:\/\/www.campingportdelavall.com\/es\/#organization\",\"name\":\"Port de la Vall\",\"url\":\"https:\/\/www.campingportdelavall.com\/es\/\",\"logo\":{\"@type\":\"ImageObject\",\"inLanguage\":\"es\",\"@id\":\"https:\/\/www.campingportdelavall.com\/es\/#\/schema\/logo\/image\/\",\"url\":\"https:\/\/www.campingportdelavall.com\/wp-content\/uploads\/port-de-la-vall-logo.png\",\"contentUrl\":\"https:\/\/www.campingportdelavall.com\/wp-content\/uploads\/port-de-la-vall-logo.png\",\"width\":200,\"height\":200,\"caption\":\"Port de la Vall\"},\"image\":{\"@id\":\"https:\/\/www.campingportdelavall.com\/es\/#\/schema\/logo\/image\/\"}}]}<\/script>\n<!-- \/ Yoast SEO plugin. -->","yoast_head_json":{"title":"Instalaciones y servicios - Port de la Vall","description":"Servicios e instalaciones - el camping puerto del valle dispone de las siguientes instalaciones y servicios por su gusto y disfrute","robots":{"index":"index","follow":"follow","max-snippet":"max-snippet:-1","max-image-preview":"max-image-preview:large","max-video-preview":"max-video-preview:-1"},"canonical":"https:\/\/www.campingportdelavall.com\/es\/instalaciones-y-servicios\/","og_locale":"es_ES","og_type":"article","og_title":"Instalaciones y servicios - Port de la Vall","og_description":"Servicios e instalaciones - el camping puerto del valle dispone de las siguientes instalaciones y servicios por su gusto y disfrute","og_url":"https:\/\/www.campingportdelavall.com\/es\/instalaciones-y-servicios\/","og_site_name":"Port de la Vall","article_modified_time":"2024-09-03T11:44:04+00:00","og_image":[{"url":"https:\/\/www.campingportdelavall.com\/wp-content\/uploads\/serveis.webp","type":"","width":"","height":""}],"twitter_card":"summary_large_image","twitter_misc":{"Tiempo de lectura":"7 minutos"},"schema":{"@context":"https:\/\/schema.org","@graph":[{"@type":"WebPage","@id":"https:\/\/www.campingportdelavall.com\/es\/instalaciones-y-servicios\/","url":"https:\/\/www.campingportdelavall.com\/es\/instalaciones-y-servicios\/","name":"Instalaciones y servicios - Port de la Vall","isPartOf":{"@id":"https:\/\/www.campingportdelavall.com\/es\/#website"},"primaryImageOfPage":{"@id":"https:\/\/www.campingportdelavall.com\/es\/instalaciones-y-servicios\/#primaryimage"},"image":{"@id":"https:\/\/www.campingportdelavall.com\/es\/instalaciones-y-servicios\/#primaryimage"},"thumbnailUrl":"https:\/\/www.campingportdelavall.com\/wp-content\/uploads\/serveis.webp","datePublished":"2024-04-11T08:31:32+00:00","dateModified":"2024-09-03T11:44:04+00:00","description":"Servicios e instalaciones - el camping puerto del valle dispone de las siguientes instalaciones y servicios por su gusto y disfrute","breadcrumb":{"@id":"https:\/\/www.campingportdelavall.com\/es\/instalaciones-y-servicios\/#breadcrumb"},"inLanguage":"es","potentialAction":[{"@type":"ReadAction","target":["https:\/\/www.campingportdelavall.com\/es\/instalaciones-y-servicios\/"]}]},{"@type":"ImageObject","inLanguage":"es","@id":"https:\/\/www.campingportdelavall.com\/es\/instalaciones-y-servicios\/#primaryimage","url":"https:\/\/www.campingportdelavall.com\/wp-content\/uploads\/serveis.webp","contentUrl":"https:\/\/www.campingportdelavall.com\/wp-content\/uploads\/serveis.webp"},{"@type":"BreadcrumbList","@id":"https:\/\/www.campingportdelavall.com\/es\/instalaciones-y-servicios\/#breadcrumb","itemListElement":[{"@type":"ListItem","position":1,"name":"Portada","item":"https:\/\/www.campingportdelavall.com\/es\/"},{"@type":"ListItem","position":2,"name":"Instalaciones y servicios"}]},{"@type":"WebSite","@id":"https:\/\/www.campingportdelavall.com\/es\/#website","url":"https:\/\/www.campingportdelavall.com\/es\/","name":"Port de la Vall","description":"C\u00e0mping Caravaning","publisher":{"@id":"https:\/\/www.campingportdelavall.com\/es\/#organization"},"potentialAction":[{"@type":"SearchAction","target":{"@type":"EntryPoint","urlTemplate":"https:\/\/www.campingportdelavall.com\/es\/?s={search_term_string}"},"query-input":{"@type":"PropertyValueSpecification","valueRequired":true,"valueName":"search_term_string"}}],"inLanguage":"es"},{"@type":"Organization","@id":"https:\/\/www.campingportdelavall.com\/es\/#organization","name":"Port de la Vall","url":"https:\/\/www.campingportdelavall.com\/es\/","logo":{"@type":"ImageObject","inLanguage":"es","@id":"https:\/\/www.campingportdelavall.com\/es\/#\/schema\/logo\/image\/","url":"https:\/\/www.campingportdelavall.com\/wp-content\/uploads\/port-de-la-vall-logo.png","contentUrl":"https:\/\/www.campingportdelavall.com\/wp-content\/uploads\/port-de-la-vall-logo.png","width":200,"height":200,"caption":"Port de la Vall"},"image":{"@id":"https:\/\/www.campingportdelavall.com\/es\/#\/schema\/logo\/image\/"}}]}},"_links":{"self":[{"href":"https:\/\/www.campingportdelavall.com\/es\/wp-json\/wp\/v2\/pages\/2951","targetHints":{"allow":["GET"]}}],"collection":[{"href":"https:\/\/www.campingportdelavall.com\/es\/wp-json\/wp\/v2\/pages"}],"about":[{"href":"https:\/\/www.campingportdelavall.com\/es\/wp-json\/wp\/v2\/types\/page"}],"author":[{"embeddable":true,"href":"https:\/\/www.campingportdelavall.com\/es\/wp-json\/wp\/v2\/users\/2"}],"replies":[{"embeddable":true,"href":"https:\/\/www.campingportdelavall.com\/es\/wp-json\/wp\/v2\/comments?post=2951"}],"version-history":[{"count":6,"href":"https:\/\/www.campingportdelavall.com\/es\/wp-json\/wp\/v2\/pages\/2951\/revisions"}],"predecessor-version":[{"id":3371,"href":"https:\/\/www.campingportdelavall.com\/es\/wp-json\/wp\/v2\/pages\/2951\/revisions\/3371"}],"wp:attachment":[{"href":"https:\/\/www.campingportdelavall.com\/es\/wp-json\/wp\/v2\/media?parent=2951"}],"curies":[{"name":"wp","href":"https:\/\/api.w.org\/{rel}","templated":true}]}}